{"id":48776,"date":"2025-10-16T11:50:27","date_gmt":"2025-10-16T09:50:27","guid":{"rendered":"https:\/\/www.soyecoturista.com\/asociacion\/?post_type=tribe_events&#038;p=48776"},"modified":"2025-10-16T11:50:42","modified_gmt":"2025-10-16T09:50:42","slug":"episodio-4-hablemos-de-ecoturismo","status":"publish","type":"tribe_events","link":"https:\/\/www.soyecoturista.com\/asociacion\/event\/episodio-4-hablemos-de-ecoturismo\/","title":{"rendered":"Episodio 4 Hablemos de Ecoturismo | Ecoturismo cient\u00edfico, conocer y ayudar a conservar nuestras especies emblem\u00e1ticas"},"content":{"rendered":"<p><strong>Fecha: Se estrenara el 6\/11\/2025<\/strong> <strong>a las <em>16 horas en vivo (15h en Canarias)<\/em><\/strong><\/p>\n<ul class=\"elementor-icon-list-items\">\n<li class=\"elementor-icon-list-item\">\n<p dir=\"auto\">En l\u00ednea \u2013 Canal de <a href=\"https:\/\/www.youtube.com\/@soyecoturista\" target=\"_blank\" rel=\"noopener\">YouTube de Soy Ecoturista<\/a><\/p>\n<\/li>\n<\/ul>\n<p dir=\"auto\">En este cuarto episodio de \u2018<strong>Hablemos de Ecoturismo\u2019<\/strong>, titulado <strong><em>&#8220;Ecoturismo cient\u00edfico, conocer y ayudar a conservar nuestras especies emblem\u00e1ticas&#8221;<\/em><\/strong>, se explica en qu\u00e9 consiste el ecoturismo cient\u00edfico y se presentan proyectos de conservaci\u00f3n de especies emblem\u00e1ticas de Espa\u00f1a, destacando historias de \u00e9xito narradas por sus protagonistas de fundaciones de conservaci\u00f3n. Participan <strong>Alfonso Polvorinos<\/strong>, Coordinador del proyecto Experiencias de Ecoturismo Cient\u00edfico en Espa\u00f1a, y <strong>Amanda Guzm\u00e1n<\/strong>, Gerente de la Asociaci\u00f3n de Ecoturismo en Espa\u00f1a, quienes ofrecer\u00e1n una visi\u00f3n detallada sobre estas iniciativas.<\/p>\n<ul>\n<li style=\"list-style-type: none;\"><\/li>\n<\/ul>\n<p>&nbsp;<\/p>\n<div style=\"text-align: center;\"><\/div>\n<p><img loading=\"lazy\" decoding=\"async\" class=\"alignnone size-large wp-image-48777\" src=\"https:\/\/www.soyecoturista.com\/asociacion\/wp-content\/uploads\/2025\/10\/4-1024x576.png\" alt=\"\" width=\"1024\" height=\"576\" srcset=\"https:\/\/www.soyecoturista.com\/asociacion\/wp-content\/uploads\/2025\/10\/4-1024x576.png 1024w, https:\/\/www.soyecoturista.com\/asociacion\/wp-content\/uploads\/2025\/10\/4-300x169.png 300w, https:\/\/www.soyecoturista.com\/asociacion\/wp-content\/uploads\/2025\/10\/4-768x432.png 768w, https:\/\/www.soyecoturista.com\/asociacion\/wp-content\/uploads\/2025\/10\/4-1536x864.png 1536w, https:\/\/www.soyecoturista.com\/asociacion\/wp-content\/uploads\/2025\/10\/4.png 1920w\" sizes=\"auto, (max-width: 1024px) 100vw, 1024px\" \/><\/p>\n<p>&nbsp;<\/p>\n<p>&nbsp;<\/p>\n","protected":false},"excerpt":{"rendered":"<p>Fecha: Se estrenara el 6\/11\/2025 a las 16 horas en vivo (15h en Canarias) En l\u00ednea \u2013 Canal de YouTube de Soy Ecoturista En este cuarto episodio de \u2018Hablemos de [&hellip;]<\/p>\n","protected":false},"author":99,"featured_media":48777,"comment_status":"closed","ping_status":"closed","template":"","meta":{"_acf_changed":false,"_tribe_events_status":"","_tribe_events_status_reason":"","footnotes":""},"tags":[9,11,14,33,16,26,793,105,808,106,1399],"tribe_events_cat":[778],"class_list":["post-48776","tribe_events","type-tribe_events","status-publish","has-post-thumbnail","hentry","tag-club-ecoturismo","tag-ecoturismo","tag-ecoturismo-en-espana","tag-espacios-protegidos","tag-naturaleza","tag-parques-nacionales","tag-podcast","tag-reserva-biosfera","tag-soyecoturista-2","tag-turismo-sostenible","tag-videopodcast","tribe_events_cat-ecoturistas-y-profesionales","cat_ecoturistas-y-profesionales"],"acf":[],"_links":{"self":[{"href":"https:\/\/www.soyecoturista.com\/asociacion\/wp-json\/wp\/v2\/tribe_events\/48776","targetHints":{"allow":["GET"]}}],"collection":[{"href":"https:\/\/www.soyecoturista.com\/asociacion\/wp-json\/wp\/v2\/tribe_events"}],"about":[{"href":"https:\/\/www.soyecoturista.com\/asociacion\/wp-json\/wp\/v2\/types\/tribe_events"}],"author":[{"embeddable":true,"href":"https:\/\/www.soyecoturista.com\/asociacion\/wp-json\/wp\/v2\/users\/99"}],"replies":[{"embeddable":true,"href":"https:\/\/www.soyecoturista.com\/asociacion\/wp-json\/wp\/v2\/comments?post=48776"}],"version-history":[{"count":1,"href":"https:\/\/www.soyecoturista.com\/asociacion\/wp-json\/wp\/v2\/tribe_events\/48776\/revisions"}],"predecessor-version":[{"id":48778,"href":"https:\/\/www.soyecoturista.com\/asociacion\/wp-json\/wp\/v2\/tribe_events\/48776\/revisions\/48778"}],"wp:featuredmedia":[{"embeddable":true,"href":"https:\/\/www.soyecoturista.com\/asociacion\/wp-json\/wp\/v2\/media\/48777"}],"wp:attachment":[{"href":"https:\/\/www.soyecoturista.com\/asociacion\/wp-json\/wp\/v2\/media?parent=48776"}],"wp:term":[{"taxonomy":"post_tag","embeddable":true,"href":"https:\/\/www.soyecoturista.com\/asociacion\/wp-json\/wp\/v2\/tags?post=48776"},{"taxonomy":"tribe_events_cat","embeddable":true,"href":"https:\/\/www.soyecoturista.com\/asociacion\/wp-json\/wp\/v2\/tribe_events_cat?post=48776"}],"curies":[{"name":"wp","href":"https:\/\/api.w.org\/{rel}","templated":true}]}}