{"id":48771,"date":"2025-10-16T11:31:03","date_gmt":"2025-10-16T09:31:03","guid":{"rendered":"https:\/\/www.soyecoturista.com\/asociacion\/?post_type=tribe_events&#038;p=48771"},"modified":"2025-10-16T11:51:39","modified_gmt":"2025-10-16T09:51:39","slug":"episodio-3-hablemos-de-ecoturismo","status":"publish","type":"tribe_events","link":"https:\/\/www.soyecoturista.com\/asociacion\/event\/episodio-3-hablemos-de-ecoturismo\/","title":{"rendered":"Episodio 3 Hablemos de Ecoturismo | Nuestros espacios protegidos"},"content":{"rendered":"<p><strong>Fecha: Se estrenara el 30\/10\/2025<\/strong> <strong>a las <em>16 horas en vivo (15h en Canarias)<\/em><\/strong><\/p>\n<ul class=\"elementor-icon-list-items\">\n<li class=\"elementor-icon-list-item\">\n<p dir=\"auto\">En l\u00ednea \u2013 Canal de <a href=\"https:\/\/www.youtube.com\/@soyecoturista\" target=\"_blank\" rel=\"noopener\">YouTube de Soy Ecoturista<\/a><\/p>\n<\/li>\n<\/ul>\n<p dir=\"auto\">En este tercer episodio de <strong>\u2018Hablemos de Ecoturismo\u2019<\/strong>, titulado &#8220;<strong>Nuestros espacios protegidos<\/strong>&#8220;, se explora la importancia de los espacios protegidos, los beneficios que aportan y por qu\u00e9 Espa\u00f1a puede estar orgullosa de ellos. Este cap\u00edtulo aborda tambi\u00e9n c\u00f3mo contribuir a su conservaci\u00f3n de manera activa. Participan <strong>Ignacio Jim\u00e9nez<\/strong>, Coordinador de la Campa\u00f1a Nuestros Espacios Protegidos, y <strong>Amanda Guzm\u00e1n<\/strong>, Gerente de la Asociaci\u00f3n de Ecoturismo en Espa\u00f1a, quienes compartir\u00e1n conocimientos clave sobre este tema.<\/p>\n<ul>\n<li style=\"list-style-type: none;\">\n<ul>\n<li><strong>M\u00e1s informaci\u00f3n: <\/strong><a href=\"https:\/\/www.soyecoturista.com\/asociacion\/arranca-hablemos-de-ecoturismo\/\" target=\"_blank\" rel=\"noopener\">https:\/\/www.soyecoturista.com\/asociacion\/arranca-hablemos-de-ecoturismo<\/a><\/li>\n<li><strong>Lista de reproducci\u00f3n<\/strong>: <a href=\"https:\/\/youtu.be\/zrqyFAl5tSU?si=z0M56RCL7bsvKFHY\" target=\"_blank\" rel=\"noopener\">https:\/\/youtu.be\/zrqyFAl5tSU?si=z0M56RCL7bsvKFHY<\/a><\/li>\n<\/ul>\n<\/li>\n<\/ul>\n<p>&nbsp;<\/p>\n<div style=\"text-align: center;\"><\/div>\n<p><img loading=\"lazy\" decoding=\"async\" class=\"alignnone size-large wp-image-48772\" src=\"https:\/\/www.soyecoturista.com\/asociacion\/wp-content\/uploads\/2025\/10\/3-1024x576.png\" alt=\"\" width=\"1024\" height=\"576\" srcset=\"https:\/\/www.soyecoturista.com\/asociacion\/wp-content\/uploads\/2025\/10\/3-1024x576.png 1024w, https:\/\/www.soyecoturista.com\/asociacion\/wp-content\/uploads\/2025\/10\/3-300x169.png 300w, https:\/\/www.soyecoturista.com\/asociacion\/wp-content\/uploads\/2025\/10\/3-768x432.png 768w, https:\/\/www.soyecoturista.com\/asociacion\/wp-content\/uploads\/2025\/10\/3-1536x864.png 1536w, https:\/\/www.soyecoturista.com\/asociacion\/wp-content\/uploads\/2025\/10\/3.png 1920w\" sizes=\"auto, (max-width: 1024px) 100vw, 1024px\" \/><\/p>\n<p>&nbsp;<\/p>\n<p>&nbsp;<\/p>\n","protected":false},"excerpt":{"rendered":"<p>Fecha: Se estrenara el 30\/10\/2025 a las 16 horas en vivo (15h en Canarias) En l\u00ednea \u2013 Canal de YouTube de Soy Ecoturista En este tercer episodio de \u2018Hablemos de [&hellip;]<\/p>\n","protected":false},"author":99,"featured_media":48772,"comment_status":"closed","ping_status":"closed","template":"","meta":{"_acf_changed":false,"_tribe_events_status":"","_tribe_events_status_reason":"","footnotes":""},"tags":[9,11,14,33,16,26,793,105,808,106,1399],"tribe_events_cat":[778],"class_list":["post-48771","tribe_events","type-tribe_events","status-publish","has-post-thumbnail","hentry","tag-club-ecoturismo","tag-ecoturismo","tag-ecoturismo-en-espana","tag-espacios-protegidos","tag-naturaleza","tag-parques-nacionales","tag-podcast","tag-reserva-biosfera","tag-soyecoturista-2","tag-turismo-sostenible","tag-videopodcast","tribe_events_cat-ecoturistas-y-profesionales","cat_ecoturistas-y-profesionales"],"acf":[],"_links":{"self":[{"href":"https:\/\/www.soyecoturista.com\/asociacion\/wp-json\/wp\/v2\/tribe_events\/48771","targetHints":{"allow":["GET"]}}],"collection":[{"href":"https:\/\/www.soyecoturista.com\/asociacion\/wp-json\/wp\/v2\/tribe_events"}],"about":[{"href":"https:\/\/www.soyecoturista.com\/asociacion\/wp-json\/wp\/v2\/types\/tribe_events"}],"author":[{"embeddable":true,"href":"https:\/\/www.soyecoturista.com\/asociacion\/wp-json\/wp\/v2\/users\/99"}],"replies":[{"embeddable":true,"href":"https:\/\/www.soyecoturista.com\/asociacion\/wp-json\/wp\/v2\/comments?post=48771"}],"version-history":[{"count":4,"href":"https:\/\/www.soyecoturista.com\/asociacion\/wp-json\/wp\/v2\/tribe_events\/48771\/revisions"}],"predecessor-version":[{"id":48779,"href":"https:\/\/www.soyecoturista.com\/asociacion\/wp-json\/wp\/v2\/tribe_events\/48771\/revisions\/48779"}],"wp:featuredmedia":[{"embeddable":true,"href":"https:\/\/www.soyecoturista.com\/asociacion\/wp-json\/wp\/v2\/media\/48772"}],"wp:attachment":[{"href":"https:\/\/www.soyecoturista.com\/asociacion\/wp-json\/wp\/v2\/media?parent=48771"}],"wp:term":[{"taxonomy":"post_tag","embeddable":true,"href":"https:\/\/www.soyecoturista.com\/asociacion\/wp-json\/wp\/v2\/tags?post=48771"},{"taxonomy":"tribe_events_cat","embeddable":true,"href":"https:\/\/www.soyecoturista.com\/asociacion\/wp-json\/wp\/v2\/tribe_events_cat?post=48771"}],"curies":[{"name":"wp","href":"https:\/\/api.w.org\/{rel}","templated":true}]}}